{"id":5725,"date":"2025-02-26T17:49:13","date_gmt":"2025-02-26T17:49:13","guid":{"rendered":"https:\/\/camero.es\/funeraria-en-antequera\/"},"modified":"2026-03-08T18:22:23","modified_gmt":"2026-03-08T18:22:23","slug":"funeral-home-in-antequera","status":"publish","type":"page","link":"https:\/\/camero.es\/en\/funeral-home-in-antequera\/","title":{"rendered":"Funeral Home in Antequera"},"content":{"rendered":"<div class=\"slider-wrapper relative\" id=\"slider-1444719901\" >\n    <div class=\"slider slider-nav-circle slider-nav-large slider-nav-light slider-style-normal\"\n        data-flickity-options='{\n            \"cellAlign\": \"center\",\n            \"imagesLoaded\": true,\n            \"lazyLoad\": 1,\n            \"freeScroll\": false,\n            \"wrapAround\": true,\n            \"autoPlay\": 6000,\n            \"pauseAutoPlayOnHover\" : true,\n            \"prevNextButtons\": true,\n            \"contain\" : true,\n            \"adaptiveHeight\" : true,\n            \"dragThreshold\" : 10,\n            \"percentPosition\": true,\n            \"pageDots\": true,\n            \"rightToLeft\": false,\n            \"draggable\": true,\n            \"selectedAttraction\": 0.1,\n            \"parallax\" : 0,\n            \"friction\": 0.6        }'\n        >\n        \n\n  <div class=\"banner has-hover\" id=\"banner-844145008\">\n          <div class=\"banner-inner fill\">\n        <div class=\"banner-bg fill\" >\n            <img loading=\"lazy\" decoding=\"async\" width=\"1536\" height=\"768\" src=\"https:\/\/camero.es\/wp-content\/uploads\/2024\/08\/Funeraria_en_Alhaurin_de_la_Torre-1536x768.jpg\" class=\"bg attachment-1536x1536 size-1536x1536\" alt=\"\" \/>                        <div class=\"overlay\"><\/div>            \n                    <\/div>\n\t\t\n        <div class=\"banner-layers container\">\n            <div class=\"fill banner-link\"><\/div>            \n   <div id=\"text-box-2142529746\" class=\"text-box banner-layer x50 md-x50 lg-x50 y50 md-y50 lg-y50 res-text\">\n                                <div class=\"text-box-content text dark\">\n              \n              <div class=\"text-inner text-center\">\n                  \n<h1 class=\"uppercase\"><span style=\"font-size: 90%;\"><strong>Funeral Home in Antequera<\/strong><\/span><\/h1>\n<p class=\"uppercase\"><span style=\"text-decoration: underline; font-size: 250%;\"><em><strong><a href=\"tel:952448171\" data-track-event=\"click\" data-track-action=\"phone_link\" data-wplink-edit=\"true\">\u00a1Call us!<\/a><\/strong><\/em><\/span><\/p>\n              <\/div>\n           <\/div>\n                            \n<style>\n#text-box-2142529746 {\n  width: 90%;\n}\n#text-box-2142529746 .text-box-content {\n  font-size: 100%;\n}\n<\/style>\n    <\/div>\n \n        <\/div>\n      <\/div>\n\n            \n<style>\n#banner-844145008 {\n  padding-top: 530px;\n}\n#banner-844145008 .overlay {\n  background-color: rgba(0, 0, 0, 0.459);\n}\n#banner-844145008 .banner-bg img {\n  object-position: 51% 32%;\n}\n<\/style>\n  <\/div>\n\n\n     <\/div>\n\n     <div class=\"loading-spin dark large centered\"><\/div>\n\n\t<\/div>\n\n\n\n\t<section class=\"section\" id=\"section_906406560\">\n\t\t<div class=\"section-bg fill\" >\n\t\t\t\t\t\t\t\t\t\n\t\t\t\n\n\t\t<\/div>\n\n\t\t\n\n\t\t<div class=\"section-content relative\">\n\t\t\t\n<div class=\"row\"  id=\"row-1166749452\">\n\n\t<div id=\"col-1494427936\" class=\"col small-12 large-12\"  >\n\t\t\t\t<div class=\"col-inner\"  >\n\t\t\t\n\t\t\t\n<div class=\"container section-title-container\" ><h2 class=\"section-title section-title-center\"><b aria-hidden=\"true\"><\/b><span class=\"section-title-main\" style=\"font-size:144%;color:rgb(0, 46, 91);\">Funeraria Camero in Antequera: A Legacy of Support in Difficult Times.<\/span><b aria-hidden=\"true\"><\/b><\/h2><\/div>\n\t\t<\/div>\n\t\t\t\t\t<\/div>\n\n\t\n\n\t<div id=\"col-482227921\" class=\"col medium-12 small-12 large-7\"  >\n\t\t\t\t<div class=\"col-inner\"  >\n\t\t\t\n\t\t\t\n<div class=\"container section-title-container\" ><h2 class=\"section-title section-title-normal\"><b aria-hidden=\"true\"><\/b><span class=\"section-title-main\" style=\"font-size:86%;color:rgb(0, 46, 91);\">funeral services in antequera<\/span><b aria-hidden=\"true\"><\/b><\/h2><\/div>\n<p>Founded over two centuries ago by Francisco Camero Rold\u00e1n, Funeraria Camero has become a fundamental pillar for the inhabitants of Antequera in their most difficult moments.<\/p>\n<p>Since its inception, it has been characterized by providing close and personalized support to grieving families, transmitting from generation to generation values such as dignity, respect, discretion, and personalized attention.<\/p>\n<p>Despite the evolution of the needs and expectations of families, Funeraria Camero maintains its fundamental values intact, adapting to new times without losing its essence.<\/p>\n<p><strong>In Antequera, Funeraria Camero<\/strong> is synonymous with trust, professionalism, and closeness in the most delicate moments.<\/p>\n<div id=\"gtx-trans\" style=\"position: absolute; left: -8px; top: 271.833px;\">\n<div class=\"gtx-trans-icon\">\u00a0<\/div>\n<\/div>\n\t\t<\/div>\n\t\t\t\t\n<style>\n#col-482227921 > .col-inner {\n  padding: 0px 0px 0px 0;\n}\n@media (min-width:850px) {\n  #col-482227921 > .col-inner {\n    padding: 0px 0px 0px 0%;\n  }\n}\n<\/style>\n\t<\/div>\n\n\t\n\n\t<div id=\"col-1284125938\" class=\"col medium-12 small-12 large-5\"  >\n\t\t\t\t<div class=\"col-inner\"  >\n\t\t\t\n\t\t\t\n\n  <div class=\"banner has-hover\" id=\"banner-1561733596\">\n          <div class=\"banner-inner fill\">\n        <div class=\"banner-bg fill\" >\n            <img loading=\"lazy\" decoding=\"async\" width=\"900\" height=\"405\" src=\"https:\/\/camero.es\/wp-content\/uploads\/2023\/12\/Funerarias-Camero-Blog9.jpg\" class=\"bg attachment-large size-large\" alt=\"Servicios funerarios en Alhaurin\" \/>                                    \n\t<div class=\"is-border\"\n\t\tstyle=\"border-width:0px 0px 0px 0px;\">\n\t<\/div>\n                    <\/div>\n\t\t\n        <div class=\"banner-layers container\">\n            <div class=\"fill banner-link\"><\/div>            \n   <div id=\"text-box-1987299995\" class=\"text-box banner-layer x50 md-x50 lg-x50 y50 md-y50 lg-y50 res-text\">\n                                <div class=\"text-box-content text dark\">\n              \n              <div class=\"text-inner text-center\">\n                  \n              <\/div>\n           <\/div>\n                            \n<style>\n#text-box-1987299995 {\n  width: 60%;\n}\n#text-box-1987299995 .text-box-content {\n  font-size: 100%;\n}\n<\/style>\n    <\/div>\n \n        <\/div>\n      <\/div>\n\n            \n<style>\n#banner-1561733596 {\n  padding-top: 99.99%;\n  background-color: rgb(255, 255, 255);\n}\n#banner-1561733596 .banner-bg img {\n  object-position: 35% 66%;\n}\n@media (min-width:550px) {\n  #banner-1561733596 {\n    padding-top: 75%;\n  }\n}\n@media (min-width:850px) {\n  #banner-1561733596 {\n    padding-top: 99.99%;\n  }\n}\n<\/style>\n  <\/div>\n\n\n\t\t<\/div>\n\t\t\t\t\t<\/div>\n\n\t\n\n\t<div id=\"col-1635561720\" class=\"col small-12 large-12\"  >\n\t\t\t\t<div class=\"col-inner\"  >\n\t\t\t\n\t\t\t\n<div class=\"row\"  id=\"row-1813037643\">\n\n\t<div id=\"col-1586393715\" class=\"col small-12 large-12\"  >\n\t\t\t\t<div class=\"col-inner\"  >\n\t\t\t\n\t\t\t\n<h3><span style=\"font-size: 110%;\">Funeraria Camero in Antequera: Your Support in Moments of Grief<\/span><\/h3>\n<p>In Antequera, when faced with the loss of a loved one, Funeraria Camero becomes a reliable and understanding ally. With a deep history and roots in the community, we offer you a comprehensive and personalized funeral service, adapting to the needs and beliefs of each family.<\/p>\n\t\t<\/div>\n\t\t\t\t\t<\/div>\n\n\t\n<\/div>\n<h2><strong>Why Choose Funeraria Camero in Antequera?<\/strong><\/h2>\n<ul>\n<li><strong>Experience and Tradition<\/strong>: We have a long history in the funeral sector, transmitting from generation to generation a commitment to excellence and close service.<\/li>\n<li><strong>Professionalism and Quality<\/strong>: Our team is made up of highly qualified professionals who will accompany you at every step, offering you advice and support in these difficult times.<\/li>\n<li><strong>Personalized Services<\/strong>: We adapt to the needs and wishes of each family, offering a wide range of funeral services that include:<\/li>\n<li><strong>Comprehensive Funeral Organization<\/strong>: We take care of all the procedures and arrangements, from the preparation of the body to the farewell ceremony.<\/li>\n<li><strong>Funeral Home (Tanatorio)<\/strong>: We have comfortable and welcoming wake rooms, where you can say goodbye to your loved one in a quiet and private atmosphere.<\/li>\n<li><strong>Cemetery<\/strong>: We offer you various burial and columbarium options in the cemeteries of Antequera and surrounding areas.<\/li>\n<li><strong>Transfers<\/strong>: We carry out national and international transfers with the utmost discretion and professionalism.<\/li>\n<li><strong>Personalized Advice<\/strong>: We provide you with support and guidance in all aspects related to the funeral, including legal and administrative procedures.<\/li>\n<li><strong>Funeral Plans<\/strong>: We offer you the possibility of planning your funeral or that of your loved ones in advance, for greater peace of mind and security.<\/li>\n<\/ul>\n<div id=\"gtx-trans\" style=\"position: absolute; left: 36px; top: 524.62px;\">\n<div class=\"gtx-trans-icon\">\u00a0<\/div>\n<\/div>\n\t\t<\/div>\n\t\t\t\t\t<\/div>\n\n\t\n<\/div>\n<div class=\"row\"  id=\"row-865279786\">\n\n\t<div id=\"col-1452340859\" class=\"col medium-6 small-12 large-6\"  >\n\t\t\t\t<div class=\"col-inner\"  >\n\t\t\t\n\t\t\t\n<div class=\"container section-title-container\" ><h3 class=\"section-title section-title-normal\"><b aria-hidden=\"true\"><\/b><span class=\"section-title-main\" >Funeral Pre-Planning Services<\/span><b aria-hidden=\"true\"><\/b><\/h3><\/div>\n<p><strong>Funeraria Camero offers its clients in Antequera<\/strong> the possibility of contracting funeral pre-planning services, a solution that allows people to plan and pay in advance for the funeral services they desire, thus avoiding economic and bureaucratic worries for their relatives during a difficult time.<\/p>\n\t\t<\/div>\n\t\t\t\t\t<\/div>\n\n\t\n\n\t<div id=\"col-933688743\" class=\"col medium-6 small-12 large-6\"  >\n\t\t\t\t<div class=\"col-inner\"  >\n\t\t\t\n\t\t\t\n<div class=\"container section-title-container\" ><h2 class=\"section-title section-title-normal\"><b aria-hidden=\"true\"><\/b><span class=\"section-title-main\" style=\"font-size:79%;\">A Benchmark in the Funeral Sector<\/span><b aria-hidden=\"true\"><\/b><\/h2><\/div>\n<p>Thanks to its long history, its commitment to quality and its personalized attention, Funeraria Camero has become a benchmark in the funeral sector not only in Antequera, but throughout the province of M\u00e1laga. Its legacy endures through generations, transmitting values such as respect, professionalism and closeness in the most difficult times.<\/p>\n\t\t<\/div>\n\t\t\t\t\t<\/div>\n\n\t\n<\/div>\n<div class=\"row align-middle\"  id=\"row-1376072551\">\n\n\t<div id=\"col-110203508\" class=\"col small-12 large-12\"  >\n\t\t\t\t<div class=\"col-inner\"  >\n\t\t\t\n\t\t\t\n<div class=\"row\"  id=\"row-1993518181\">\n\n\t<div id=\"col-1476044598\" class=\"col small-12 large-12\"  >\n\t\t\t\t<div class=\"col-inner\"  >\n\t\t\t\n\t\t\t\n<p>At Funeraria Camero, we understand that each family is different and each loss is unique. Therefore, we strive to offer a comprehensive and personalized funeral service that adapts to your specific needs and wishes.<\/p>\n<p>Trust Funeraria Camero in Antequera to honor the memory of your loved one with respect, dignity, and professionalism.<\/p>\n\t\t<\/div>\n\t\t\t\t\t<\/div>\n\n\t\n<\/div>\n\t\t<\/div>\n\t\t\t\t\t<\/div>\n\n\t\n\n\t<div id=\"col-1380954873\" class=\"col small-12 large-12\"  >\n\t\t\t\t<div class=\"col-inner\"  >\n\t\t\t\n\t\t\t\n<h2 style=\"text-align: center;\">Our funeral services cover, in addition to Antequera, other localities in the Province of M\u00e1laga, Estepona, Manilva, Ronda, Marbella, Fuengirola, Benalm\u00e1dena, Mijas, Torremolinos, Nerja, Alhaur\u00edn de la Torre, Torre del Mar&#8230;<\/h2>\n<div id=\"gtx-trans\" style=\"position: absolute; left: 434px; top: 188.836px;\">\n<div class=\"gtx-trans-icon\">\u00a0<\/div>\n<\/div>\n\t\t<\/div>\n\t\t\t\t\t<\/div>\n\n\t\n<\/div>\n\t\t<\/div>\n\n\t\t\n<style>\n#section_906406560 {\n  padding-top: 40px;\n  padding-bottom: 40px;\n}\n@media (min-width:850px) {\n  #section_906406560 {\n    padding-top: 70px;\n    padding-bottom: 70px;\n  }\n}\n<\/style>\n\t<\/section>\n\t\n\n\t<section class=\"section\" id=\"section_2096180369\">\n\t\t<div class=\"section-bg fill\" >\n\t\t\t\t\t\t\t\t\t\n\t\t\t\n\n\t\t<\/div>\n\n\t\t\n\n\t\t<div class=\"section-content relative\">\n\t\t\t\n<pre class=\"ti-widget\"><template id=\"trustindex-google-widget-html\"><div class=\" ti-widget  ti-goog ti-review-text-mode-readmore ti-text-align-left\" data-no-translation=\"true\" data-time-locale=\"hace %d %s|hoy|d\u00eda|d\u00edas|semana|semanas|mes|meses|a\u00f1o|a\u00f1os\" data-plugin-version=\"13.2.9\" data-layout-id=\"5\" data-layout-category=\"slider\" data-set-id=\"ligth-border\" data-pid=\"\" data-language=\"es\" data-close-locale=\"Cerca\" data-review-target-width=\"275\" data-css-version=\"2\" data-reply-by-locale=\"Respuesta del propietario\" data-only-rating-locale=\"Esta usuario solo dej\u00f3 una calificaci\u00f3n.\" data-pager-autoplay-timeout=\"6\"> <div class=\"ti-widget-container ti-col-4\"> <div class=\"ti-footer ti-footer-grid source-Google\"> <div class=\"ti-fade-container\"> <div class=\"ti-rating-text\"> <strong class=\"ti-rating ti-rating-large\"> BUENO <\/strong> <\/div> <span class=\"ti-stars star-lg\"><trustindex-image class=\"ti-star\" data-imgurl=\"https:\/\/cdn.trustindex.io\/assets\/platform\/Google\/star\/f.svg\" alt=\"Google star 1\" width=\"17\" height=\"17\" loading=\"lazy\"><\/trustindex-image><trustindex-image class=\"ti-star\" data-imgurl=\"https:\/\/cdn.trustindex.io\/assets\/platform\/Google\/star\/f.svg\" alt=\"Google star 2\" width=\"17\" height=\"17\" loading=\"lazy\"><\/trustindex-image><trustindex-image class=\"ti-star\" data-imgurl=\"https:\/\/cdn.trustindex.io\/assets\/platform\/Google\/star\/f.svg\" alt=\"Google star 3\" width=\"17\" height=\"17\" loading=\"lazy\"><\/trustindex-image><trustindex-image class=\"ti-star\" data-imgurl=\"https:\/\/cdn.trustindex.io\/assets\/platform\/Google\/star\/f.svg\" alt=\"Google star 4\" width=\"17\" height=\"17\" loading=\"lazy\"><\/trustindex-image><trustindex-image class=\"ti-star\" data-imgurl=\"https:\/\/cdn.trustindex.io\/assets\/platform\/Google\/star\/e.svg\" alt=\"Google star 5\" width=\"17\" height=\"17\" loading=\"lazy\"><\/trustindex-image><\/span> <div class=\"ti-rating-text\"> <span class=\"nowrap\">A base de <strong>9 rese\u00f1as<\/strong><\/span> <\/div> <div class=\"ti-large-logo\"> <div class=\"ti-v-center\"> <trustindex-image class=\"ti-logo-fb\" data-imgurl=\"https:\/\/cdn.trustindex.io\/assets\/platform\/Google\/logo.svg\" width=\"150\" height=\"25\" loading=\"lazy\" alt=\"Google\"><\/trustindex-image> <\/div> <\/div> <\/div> <\/div> <div class=\"ti-reviews-container\"> <div class=\"ti-controls\"> <div class=\"ti-next\" aria-label=\"Siguiente rese\u00f1a\" role=\"button\" tabindex=\"0\"><\/div> <div class=\"ti-prev\" aria-label=\"Rese\u00f1a anterior\" role=\"button\" tabindex=\"0\"><\/div> <\/div> <div class=\"ti-reviews-container-wrapper\">  <div data-empty=\"0\" data-time=\"1699920000\" class=\"ti-review-item source-Google ti-image-layout-thumbnail\" data-id=\"cfcd208495d565ef66e7dff9f98764da\"> <div class=\"ti-inner\"> <div class=\"ti-review-header\"> <div class=\"ti-platform-icon ti-with-tooltip\"> <span class=\"ti-tooltip\">Publicado en <\/span> <trustindex-image data-imgurl=\"https:\/\/cdn.trustindex.io\/assets\/platform\/Google\/icon.svg\" alt=\"\" width=\"20\" height=\"20\" loading=\"lazy\"><\/trustindex-image> <\/div> <div class=\"ti-profile-img\"> <trustindex-image data-imgurl=\"https:\/\/lh3.googleusercontent.com\/a\/ACg8ocLC2ugLbfpFw6pEXPUNKsdIPIWm8Z8Wk2AAtZIBkwXmufFYWg=w40-h40-c-rp-mo-br100\" alt=\"El Menda2 profile picture\" loading=\"lazy\"><\/trustindex-image> <\/div> <div class=\"ti-profile-details\"> <div class=\"ti-name\"> El Menda2 <\/div> <div class=\"ti-date\"><\/div> <\/div> <\/div> <span class=\"ti-stars\"><trustindex-image class=\"ti-star\" data-imgurl=\"https:\/\/cdn.trustindex.io\/assets\/platform\/Google\/star\/f.svg\" alt=\"Google star 1\" width=\"17\" height=\"17\" loading=\"lazy\"><\/trustindex-image><trustindex-image class=\"ti-star\" data-imgurl=\"https:\/\/cdn.trustindex.io\/assets\/platform\/Google\/star\/f.svg\" alt=\"Google star 2\" width=\"17\" height=\"17\" loading=\"lazy\"><\/trustindex-image><trustindex-image class=\"ti-star\" data-imgurl=\"https:\/\/cdn.trustindex.io\/assets\/platform\/Google\/star\/f.svg\" alt=\"Google star 3\" width=\"17\" height=\"17\" loading=\"lazy\"><\/trustindex-image><trustindex-image class=\"ti-star\" data-imgurl=\"https:\/\/cdn.trustindex.io\/assets\/platform\/Google\/star\/f.svg\" alt=\"Google star 4\" width=\"17\" height=\"17\" loading=\"lazy\"><\/trustindex-image><trustindex-image class=\"ti-star\" data-imgurl=\"https:\/\/cdn.trustindex.io\/assets\/platform\/Google\/star\/f.svg\" alt=\"Google star 5\" width=\"17\" height=\"17\" loading=\"lazy\"><\/trustindex-image><span class=\"ti-verified-review ti-verified-platform\"><span class=\"ti-verified-tooltip\">Trustindex verifica que la fuente original de la rese\u00f1a sea Google.<\/span><\/span><\/span> <div class=\"ti-review-text-container ti-review-content\"><!-- R-CONTENT -->Muy buen trato amable y servial .\nRecomendable aunque sea en estas circunstancias pero de las mejores.<!-- R-CONTENT --><\/div> <span class=\"ti-read-more\" data-container=\".ti-review-content\" data-collapse-text=\"Ocultar\" data-open-text=\"Leer m\u00e1s\"><\/span> <\/div> <\/div>  <div data-empty=\"0\" data-time=\"1698537600\" class=\"ti-review-item source-Google ti-image-layout-thumbnail\" data-id=\"cfcd208495d565ef66e7dff9f98764da\"> <div class=\"ti-inner\"> <div class=\"ti-review-header\"> <div class=\"ti-platform-icon ti-with-tooltip\"> <span class=\"ti-tooltip\">Publicado en <\/span> <trustindex-image data-imgurl=\"https:\/\/cdn.trustindex.io\/assets\/platform\/Google\/icon.svg\" alt=\"\" width=\"20\" height=\"20\" loading=\"lazy\"><\/trustindex-image> <\/div> <div class=\"ti-profile-img\"> <trustindex-image data-imgurl=\"https:\/\/lh3.googleusercontent.com\/a-\/ALV-UjUZe8IbUOn5kPyFanMeaM2Bi97zQpzO7mIgcpCPP5D2FpDFDk7Ckg=w40-h40-c-rp-mo-br100\" alt=\"Ana Martin profile picture\" loading=\"lazy\"><\/trustindex-image> <\/div> <div class=\"ti-profile-details\"> <div class=\"ti-name\"> Ana Martin <\/div> <div class=\"ti-date\"><\/div> <\/div> <\/div> <span class=\"ti-stars\"><trustindex-image class=\"ti-star\" data-imgurl=\"https:\/\/cdn.trustindex.io\/assets\/platform\/Google\/star\/f.svg\" alt=\"Google star 1\" width=\"17\" height=\"17\" loading=\"lazy\"><\/trustindex-image><trustindex-image class=\"ti-star\" data-imgurl=\"https:\/\/cdn.trustindex.io\/assets\/platform\/Google\/star\/f.svg\" alt=\"Google star 2\" width=\"17\" height=\"17\" loading=\"lazy\"><\/trustindex-image><trustindex-image class=\"ti-star\" data-imgurl=\"https:\/\/cdn.trustindex.io\/assets\/platform\/Google\/star\/f.svg\" alt=\"Google star 3\" width=\"17\" height=\"17\" loading=\"lazy\"><\/trustindex-image><trustindex-image class=\"ti-star\" data-imgurl=\"https:\/\/cdn.trustindex.io\/assets\/platform\/Google\/star\/f.svg\" alt=\"Google star 4\" width=\"17\" height=\"17\" loading=\"lazy\"><\/trustindex-image><trustindex-image class=\"ti-star\" data-imgurl=\"https:\/\/cdn.trustindex.io\/assets\/platform\/Google\/star\/f.svg\" alt=\"Google star 5\" width=\"17\" height=\"17\" loading=\"lazy\"><\/trustindex-image><span class=\"ti-verified-review ti-verified-platform\"><span class=\"ti-verified-tooltip\">Trustindex verifica que la fuente original de la rese\u00f1a sea Google.<\/span><\/span><\/span> <div class=\"ti-review-text-container ti-review-content\"><!-- R-CONTENT -->Doy las gracias a todo el personal por la gesti\u00f3n y asesoramiento de todo el proceso a seguir en estos momentos tan dif\u00edciles, GRACIAS.<!-- R-CONTENT --><\/div> <span class=\"ti-read-more\" data-container=\".ti-review-content\" data-collapse-text=\"Ocultar\" data-open-text=\"Leer m\u00e1s\"><\/span> <\/div> <\/div>  <div data-empty=\"0\" data-time=\"1698278400\" class=\"ti-review-item source-Google ti-image-layout-thumbnail\" data-id=\"cfcd208495d565ef66e7dff9f98764da\"> <div class=\"ti-inner\"> <div class=\"ti-review-header\"> <div class=\"ti-platform-icon ti-with-tooltip\"> <span class=\"ti-tooltip\">Publicado en <\/span> <trustindex-image data-imgurl=\"https:\/\/cdn.trustindex.io\/assets\/platform\/Google\/icon.svg\" alt=\"\" width=\"20\" height=\"20\" loading=\"lazy\"><\/trustindex-image> <\/div> <div class=\"ti-profile-img\"> <trustindex-image data-imgurl=\"https:\/\/lh3.googleusercontent.com\/a-\/ALV-UjU927Atnm5mx1BIbPBL0CO-p4pMB-TuzVv5o9z-vRjdA2Gu1Z-EUQ=w40-h40-c-rp-mo-br100\" alt=\"oscar tevar profile picture\" loading=\"lazy\"><\/trustindex-image> <\/div> <div class=\"ti-profile-details\"> <div class=\"ti-name\"> oscar tevar <\/div> <div class=\"ti-date\"><\/div> <\/div> <\/div> <span class=\"ti-stars\"><trustindex-image class=\"ti-star\" data-imgurl=\"https:\/\/cdn.trustindex.io\/assets\/platform\/Google\/star\/f.svg\" alt=\"Google star 1\" width=\"17\" height=\"17\" loading=\"lazy\"><\/trustindex-image><trustindex-image class=\"ti-star\" data-imgurl=\"https:\/\/cdn.trustindex.io\/assets\/platform\/Google\/star\/f.svg\" alt=\"Google star 2\" width=\"17\" height=\"17\" loading=\"lazy\"><\/trustindex-image><trustindex-image class=\"ti-star\" data-imgurl=\"https:\/\/cdn.trustindex.io\/assets\/platform\/Google\/star\/f.svg\" alt=\"Google star 3\" width=\"17\" height=\"17\" loading=\"lazy\"><\/trustindex-image><trustindex-image class=\"ti-star\" data-imgurl=\"https:\/\/cdn.trustindex.io\/assets\/platform\/Google\/star\/f.svg\" alt=\"Google star 4\" width=\"17\" height=\"17\" loading=\"lazy\"><\/trustindex-image><trustindex-image class=\"ti-star\" data-imgurl=\"https:\/\/cdn.trustindex.io\/assets\/platform\/Google\/star\/f.svg\" alt=\"Google star 5\" width=\"17\" height=\"17\" loading=\"lazy\"><\/trustindex-image><span class=\"ti-verified-review ti-verified-platform\"><span class=\"ti-verified-tooltip\">Trustindex verifica que la fuente original de la rese\u00f1a sea Google.<\/span><\/span><\/span> <div class=\"ti-review-text-container ti-review-content\"><!-- R-CONTENT -->Funeraria muy recomendable,muy profesionales la recomiendo 100%.<!-- R-CONTENT --><\/div> <span class=\"ti-read-more\" data-container=\".ti-review-content\" data-collapse-text=\"Ocultar\" data-open-text=\"Leer m\u00e1s\"><\/span> <\/div> <\/div>  <div data-empty=\"0\" data-time=\"1698278400\" class=\"ti-review-item source-Google ti-image-layout-thumbnail\" data-id=\"cfcd208495d565ef66e7dff9f98764da\"> <div class=\"ti-inner\"> <div class=\"ti-review-header\"> <div class=\"ti-platform-icon ti-with-tooltip\"> <span class=\"ti-tooltip\">Publicado en <\/span> <trustindex-image data-imgurl=\"https:\/\/cdn.trustindex.io\/assets\/platform\/Google\/icon.svg\" alt=\"\" width=\"20\" height=\"20\" loading=\"lazy\"><\/trustindex-image> <\/div> <div class=\"ti-profile-img\"> <trustindex-image data-imgurl=\"https:\/\/lh3.googleusercontent.com\/a-\/ALV-UjWMW0tqHzNjAWZnNgLZvs4UwgDMdomaY8AWyku8lBSGoEXAYfE=w40-h40-c-rp-mo-br100\" alt=\"Salvador Moreno hierro profile picture\" loading=\"lazy\"><\/trustindex-image> <\/div> <div class=\"ti-profile-details\"> <div class=\"ti-name\"> Salvador Moreno hierro <\/div> <div class=\"ti-date\"><\/div> <\/div> <\/div> <span class=\"ti-stars\"><trustindex-image class=\"ti-star\" data-imgurl=\"https:\/\/cdn.trustindex.io\/assets\/platform\/Google\/star\/f.svg\" alt=\"Google star 1\" width=\"17\" height=\"17\" loading=\"lazy\"><\/trustindex-image><trustindex-image class=\"ti-star\" data-imgurl=\"https:\/\/cdn.trustindex.io\/assets\/platform\/Google\/star\/f.svg\" alt=\"Google star 2\" width=\"17\" height=\"17\" loading=\"lazy\"><\/trustindex-image><trustindex-image class=\"ti-star\" data-imgurl=\"https:\/\/cdn.trustindex.io\/assets\/platform\/Google\/star\/f.svg\" alt=\"Google star 3\" width=\"17\" height=\"17\" loading=\"lazy\"><\/trustindex-image><trustindex-image class=\"ti-star\" data-imgurl=\"https:\/\/cdn.trustindex.io\/assets\/platform\/Google\/star\/f.svg\" alt=\"Google star 4\" width=\"17\" height=\"17\" loading=\"lazy\"><\/trustindex-image><trustindex-image class=\"ti-star\" data-imgurl=\"https:\/\/cdn.trustindex.io\/assets\/platform\/Google\/star\/f.svg\" alt=\"Google star 5\" width=\"17\" height=\"17\" loading=\"lazy\"><\/trustindex-image><span class=\"ti-verified-review ti-verified-platform\"><span class=\"ti-verified-tooltip\">Trustindex verifica que la fuente original de la rese\u00f1a sea Google.<\/span><\/span><\/span> <div class=\"ti-review-text-container ti-review-content\"><!-- R-CONTENT -->Gente muy profesional y muy buen trato con los familiares .<!-- R-CONTENT --><\/div> <span class=\"ti-read-more\" data-container=\".ti-review-content\" data-collapse-text=\"Ocultar\" data-open-text=\"Leer m\u00e1s\"><\/span> <\/div> <\/div>  <div data-empty=\"0\" data-time=\"1698278400\" class=\"ti-review-item source-Google ti-image-layout-thumbnail\" data-id=\"cfcd208495d565ef66e7dff9f98764da\"> <div class=\"ti-inner\"> <div class=\"ti-review-header\"> <div class=\"ti-platform-icon ti-with-tooltip\"> <span class=\"ti-tooltip\">Publicado en <\/span> <trustindex-image data-imgurl=\"https:\/\/cdn.trustindex.io\/assets\/platform\/Google\/icon.svg\" alt=\"\" width=\"20\" height=\"20\" loading=\"lazy\"><\/trustindex-image> <\/div> <div class=\"ti-profile-img\"> <trustindex-image data-imgurl=\"https:\/\/lh3.googleusercontent.com\/a-\/ALV-UjWhD3JUdTEJc8Y2p_QXEjOAqtSN1LiQYU2vc5rSehO9zcQn5zU1hw=w40-h40-c-rp-mo-br100\" alt=\"Miguel Angel Jim\u00e9nez profile picture\" loading=\"lazy\"><\/trustindex-image> <\/div> <div class=\"ti-profile-details\"> <div class=\"ti-name\"> Miguel Angel Jim\u00e9nez <\/div> <div class=\"ti-date\"><\/div> <\/div> <\/div> <span class=\"ti-stars\"><trustindex-image class=\"ti-star\" data-imgurl=\"https:\/\/cdn.trustindex.io\/assets\/platform\/Google\/star\/f.svg\" alt=\"Google star 1\" width=\"17\" height=\"17\" loading=\"lazy\"><\/trustindex-image><trustindex-image class=\"ti-star\" data-imgurl=\"https:\/\/cdn.trustindex.io\/assets\/platform\/Google\/star\/f.svg\" alt=\"Google star 2\" width=\"17\" height=\"17\" loading=\"lazy\"><\/trustindex-image><trustindex-image class=\"ti-star\" data-imgurl=\"https:\/\/cdn.trustindex.io\/assets\/platform\/Google\/star\/f.svg\" alt=\"Google star 3\" width=\"17\" height=\"17\" loading=\"lazy\"><\/trustindex-image><trustindex-image class=\"ti-star\" data-imgurl=\"https:\/\/cdn.trustindex.io\/assets\/platform\/Google\/star\/f.svg\" alt=\"Google star 4\" width=\"17\" height=\"17\" loading=\"lazy\"><\/trustindex-image><trustindex-image class=\"ti-star\" data-imgurl=\"https:\/\/cdn.trustindex.io\/assets\/platform\/Google\/star\/f.svg\" alt=\"Google star 5\" width=\"17\" height=\"17\" loading=\"lazy\"><\/trustindex-image><span class=\"ti-verified-review ti-verified-platform\"><span class=\"ti-verified-tooltip\">Trustindex verifica que la fuente original de la rese\u00f1a sea Google.<\/span><\/span><\/span> <div class=\"ti-review-text-container ti-review-content\"><!-- R-CONTENT -->En todo momento pendiente a lo que le puede necesitar la familia, gracias.<!-- R-CONTENT --><\/div> <span class=\"ti-read-more\" data-container=\".ti-review-content\" data-collapse-text=\"Ocultar\" data-open-text=\"Leer m\u00e1s\"><\/span> <\/div> <\/div>  <div data-empty=\"0\" data-time=\"1602201600\" class=\"ti-review-item source-Google ti-image-layout-thumbnail\" data-id=\"cfcd208495d565ef66e7dff9f98764da\"> <div class=\"ti-inner\"> <div class=\"ti-review-header\"> <div class=\"ti-platform-icon ti-with-tooltip\"> <span class=\"ti-tooltip\">Publicado en <\/span> <trustindex-image data-imgurl=\"https:\/\/cdn.trustindex.io\/assets\/platform\/Google\/icon.svg\" alt=\"\" width=\"20\" height=\"20\" loading=\"lazy\"><\/trustindex-image> <\/div> <div class=\"ti-profile-img\"> <trustindex-image data-imgurl=\"https:\/\/lh3.googleusercontent.com\/a\/ACg8ocIM110zIhQ2Ngb311BtPAyIBqCQBU3kyv7OQuXpHHKCFE-Dsg=w40-h40-c-rp-mo-ba5-br100\" alt=\"Ugg Anubis profile picture\" loading=\"lazy\"><\/trustindex-image> <\/div> <div class=\"ti-profile-details\"> <div class=\"ti-name\"> Ugg Anubis <\/div> <div class=\"ti-date\"><\/div> <\/div> <\/div> <span class=\"ti-stars\"><trustindex-image class=\"ti-star\" data-imgurl=\"https:\/\/cdn.trustindex.io\/assets\/platform\/Google\/star\/f.svg\" alt=\"Google star 1\" width=\"17\" height=\"17\" loading=\"lazy\"><\/trustindex-image><trustindex-image class=\"ti-star\" data-imgurl=\"https:\/\/cdn.trustindex.io\/assets\/platform\/Google\/star\/f.svg\" alt=\"Google star 2\" width=\"17\" height=\"17\" loading=\"lazy\"><\/trustindex-image><trustindex-image class=\"ti-star\" data-imgurl=\"https:\/\/cdn.trustindex.io\/assets\/platform\/Google\/star\/f.svg\" alt=\"Google star 3\" width=\"17\" height=\"17\" loading=\"lazy\"><\/trustindex-image><trustindex-image class=\"ti-star\" data-imgurl=\"https:\/\/cdn.trustindex.io\/assets\/platform\/Google\/star\/f.svg\" alt=\"Google star 4\" width=\"17\" height=\"17\" loading=\"lazy\"><\/trustindex-image><trustindex-image class=\"ti-star\" data-imgurl=\"https:\/\/cdn.trustindex.io\/assets\/platform\/Google\/star\/f.svg\" alt=\"Google star 5\" width=\"17\" height=\"17\" loading=\"lazy\"><\/trustindex-image><span class=\"ti-verified-review ti-verified-platform\"><span class=\"ti-verified-tooltip\">Trustindex verifica que la fuente original de la rese\u00f1a sea Google.<\/span><\/span><\/span> <div class=\"ti-review-text-container ti-review-content\"><!-- R-CONTENT -->Uno de los cementerios mas bonitos de la zona, mucho verde, \u00e1rboles, silencio del mundanal ruido de las ciudades, se escucha el canto de los gorriones un lugar muy limpio y cuidado que transmite paz al alma<!-- R-CONTENT --><\/div> <span class=\"ti-read-more\" data-container=\".ti-review-content\" data-collapse-text=\"Ocultar\" data-open-text=\"Leer m\u00e1s\"><\/span> <\/div> <\/div>  <\/div> <div class=\"ti-controls-line\"> <div class=\"dot\"><\/div> <\/div>   <\/div> <\/div> <\/div> <\/template><\/pre><div data-src=\"https:\/\/cdn.trustindex.io\/loader.js?wp-widget\" data-template-id=\"trustindex-google-widget-html\" data-css-url=\"https:\/\/camero.es\/wp-content\/uploads\/trustindex-google-widget.css?1774437129\"><\/div>\n\t\t<\/div>\n\n\t\t\n<style>\n#section_2096180369 {\n  padding-top: 30px;\n  padding-bottom: 30px;\n}\n<\/style>\n\t<\/section>\n\t\n\n\t<section class=\"section\" id=\"section_1073883400\">\n\t\t<div class=\"section-bg fill\" >\n\t\t\t\t\t\t\t\t\t<div class=\"section-bg-overlay absolute fill\"><\/div>\n\t\t\t\n\n\t\t<\/div>\n\n\t\t\n\n\t\t<div class=\"section-content relative\">\n\t\t\t\n<div class=\"row row-large align-middle align-center row-solid\"  id=\"row-1532069030\">\n\n\t<div id=\"col-1994852294\" class=\"col medium-7 small-12 large-7\"  >\n\t\t\t\t<div class=\"col-inner\"  >\n\t\t\t\n\t\t\t\n\t<div class=\"img has-hover x md-x lg-x y md-y lg-y\" id=\"image_1566759210\">\n\t\t\t\t\t\t\t\t<div class=\"img-inner image-cover dark\" style=\"padding-top:75%;margin:6px 0px 0px 0px;\">\n\t\t\t<img loading=\"lazy\" decoding=\"async\" width=\"1020\" height=\"387\" src=\"https:\/\/camero.es\/wp-content\/uploads\/2023\/12\/Funerarias_Malaga-1024x389.jpg\" class=\"attachment-large size-large\" alt=\"\" srcset=\"https:\/\/camero.es\/wp-content\/uploads\/2023\/12\/Funerarias_Malaga-1024x389.jpg 1024w, https:\/\/camero.es\/wp-content\/uploads\/2023\/12\/Funerarias_Malaga-300x114.jpg 300w, https:\/\/camero.es\/wp-content\/uploads\/2023\/12\/Funerarias_Malaga-768x292.jpg 768w, https:\/\/camero.es\/wp-content\/uploads\/2023\/12\/Funerarias_Malaga-1536x584.jpg 1536w, https:\/\/camero.es\/wp-content\/uploads\/2023\/12\/Funerarias_Malaga.jpg 1920w\" sizes=\"auto, (max-width: 1020px) 100vw, 1020px\" \/>\t\t\t\t\t\t\t<div class=\"overlay\" style=\"background-color: rgba(27, 2, 2, 0.378)\"><\/div>\n\t\t\t\t\t\t\n\t\t\t\t\t<\/div>\n\t\t\t\t\t\t\t\t\n<style>\n#image_1566759210 {\n  width: 100%;\n}\n<\/style>\n\t<\/div>\n\t\n\t\t<\/div>\n\t\t\t\t\t<\/div>\n\n\t\n\n\t<div id=\"col-356860636\" class=\"col medium-5 small-12 large-5\"  >\n\t\t\t\t<div class=\"col-inner\" style=\"background-color:rgb(255,255,255);\" >\n\t\t\t\n\t\t\t\n\n<div class=\"wpcf7 no-js\" id=\"wpcf7-f1331-o1\" lang=\"en-US\" dir=\"ltr\" data-wpcf7-id=\"1331\">\n<div class=\"screen-reader-response\"><p role=\"status\" aria-live=\"polite\" aria-atomic=\"true\"><\/p> <ul><\/ul><\/div>\n<form action=\"\/en\/wp-json\/wp\/v2\/pages\/5725#wpcf7-f1331-o1\" method=\"post\" class=\"wpcf7-form init\" aria-label=\"Contact form\" novalidate=\"novalidate\" data-status=\"init\">\n<fieldset class=\"hidden-fields-container\"><input type=\"hidden\" name=\"_wpcf7\" value=\"1331\" \/><input type=\"hidden\" name=\"_wpcf7_version\" value=\"6.1.5\" \/><input type=\"hidden\" name=\"_wpcf7_locale\" value=\"en_US\" \/><input type=\"hidden\" name=\"_wpcf7_unit_tag\" value=\"wpcf7-f1331-o1\" \/><input type=\"hidden\" name=\"_wpcf7_container_post\" value=\"0\" \/><input type=\"hidden\" name=\"_wpcf7_posted_data_hash\" value=\"\" \/><input type=\"hidden\" name=\"_wpcf7_recaptcha_response\" value=\"\" \/>\n<\/fieldset>\n<div class=\"form-flat\">\n\t<p><span class=\"wpcf7-form-control-wrap\" data-name=\"your-name\"><input size=\"40\" maxlength=\"400\" class=\"wpcf7-form-control wpcf7-text wpcf7-validates-as-required\" aria-required=\"true\" aria-invalid=\"false\" placeholder=\"Your Name (required)\" value=\"\" type=\"text\" name=\"your-name\" \/><\/span><br \/>\n<span class=\"wpcf7-form-control-wrap\" data-name=\"your-email\"><input size=\"40\" maxlength=\"400\" class=\"wpcf7-form-control wpcf7-email wpcf7-validates-as-required wpcf7-text wpcf7-validates-as-email\" aria-required=\"true\" aria-invalid=\"false\" placeholder=\"Your Email (required)\" value=\"\" type=\"email\" name=\"your-email\" \/><\/span>\n\t<\/p>\n\t<p><span class=\"wpcf7-form-control-wrap\" data-name=\"tel-677\"><input size=\"40\" maxlength=\"400\" class=\"wpcf7-form-control wpcf7-tel wpcf7-validates-as-required wpcf7-text wpcf7-validates-as-tel\" aria-required=\"true\" aria-invalid=\"false\" placeholder=\"Phone (required)\" value=\"\" type=\"tel\" name=\"tel-677\" \/><\/span>\n\t<\/p>\n\t<p><span class=\"wpcf7-form-control-wrap\" data-name=\"your-message\"><textarea cols=\"40\" rows=\"10\" maxlength=\"2000\" class=\"wpcf7-form-control wpcf7-textarea\" aria-invalid=\"false\" placeholder=\"Message (required)\" name=\"your-message\"><\/textarea><\/span>\n\t<\/p>\n\t<p><span class=\"wpcf7-form-control-wrap\" data-name=\"acceptance-46\"><span class=\"wpcf7-form-control wpcf7-acceptance\"><span class=\"wpcf7-list-item\"><label><input type=\"checkbox\" name=\"acceptance-46\" value=\"1\" id=\"AceptacionPoliticaPrivacidad\" aria-invalid=\"false\" \/><span class=\"wpcf7-list-item-label\"><a href=\"https:\/\/camero.es\/en\/privacy-policy\/\">I have read and accept the Privacy Policy as well as the processing of my data<\/a><\/span><\/label><\/span><\/span><\/span>\n\t<\/p>\n\t<p><input class=\"wpcf7-form-control wpcf7-submit has-spinner button\" type=\"submit\" value=\"Send\" \/>\n\t<\/p>\n<\/div><div class=\"wpcf7-response-output\" aria-hidden=\"true\"><\/div>\n<\/form>\n<\/div>\n\n\t\t<\/div>\n\t\t\t\t\n<style>\n#col-356860636 > .col-inner {\n  padding: 20px 15px 5px 15px;\n  margin: 0px 0px 0px 0px;\n}\n<\/style>\n\t<\/div>\n\n\t\n<\/div>\n\t\t<\/div>\n\n\t\t\n<style>\n#section_1073883400 {\n  padding-top: 30px;\n  padding-bottom: 30px;\n}\n#section_1073883400 .section-bg-overlay {\n  background-color: rgba(0, 0, 0, 0.721);\n}\n<\/style>\n\t<\/section>\n\t\n","protected":false},"excerpt":{"rendered":"","protected":false},"author":1,"featured_media":0,"parent":0,"menu_order":0,"comment_status":"closed","ping_status":"closed","template":"page-transparent-header.php","meta":{"_joinchat":[],"footnotes":""},"class_list":["post-5725","page","type-page","status-publish","hentry"],"yoast_head":"<!-- This site is optimized with the Yoast SEO plugin v27.4 - https:\/\/yoast.com\/product\/yoast-seo-wordpress\/ -->\n<title>Funeral home in Antequera | National and international transfers<\/title>\n<meta name=\"description\" content=\"Funeral home in Antequera offers a comprehensive and personalized service, adapted to the needs and beliefs of each family.\" \/>\n<meta name=\"robots\" content=\"index, follow, max-snippet:-1, max-image-preview:large, max-video-preview:-1\" \/>\n<link rel=\"canonical\" href=\"https:\/\/camero.es\/en\/funeral-home-in-antequera\/\" \/>\n<meta property=\"og:locale\" content=\"en_US\" \/>\n<meta property=\"og:type\" content=\"article\" \/>\n<meta property=\"og:title\" content=\"Funeral home in Antequera | National and international transfers\" \/>\n<meta property=\"og:description\" content=\"Funeral home in Antequera offers a comprehensive and personalized service, adapted to the needs and beliefs of each family.\" \/>\n<meta property=\"og:url\" content=\"https:\/\/camero.es\/en\/funeral-home-in-antequera\/\" \/>\n<meta property=\"og:site_name\" content=\"Funeraria en M\u00e1laga, Funeraria Camero\" \/>\n<meta property=\"article:modified_time\" content=\"2026-03-08T18:22:23+00:00\" \/>\n<meta name=\"twitter:card\" content=\"summary_large_image\" \/>\n<meta name=\"twitter:label1\" content=\"Est. reading time\" \/>\n\t<meta name=\"twitter:data1\" content=\"4 minutes\" \/>\n<script type=\"application\/ld+json\" class=\"yoast-schema-graph\">{\"@context\":\"https:\\\/\\\/schema.org\",\"@graph\":[{\"@type\":\"WebPage\",\"@id\":\"https:\\\/\\\/camero.es\\\/en\\\/funeral-home-in-antequera\\\/\",\"url\":\"https:\\\/\\\/camero.es\\\/en\\\/funeral-home-in-antequera\\\/\",\"name\":\"Funeral home in Antequera | National and international transfers\",\"isPartOf\":{\"@id\":\"https:\\\/\\\/camero.es\\\/en\\\/#website\"},\"datePublished\":\"2025-02-26T17:49:13+00:00\",\"dateModified\":\"2026-03-08T18:22:23+00:00\",\"description\":\"Funeral home in Antequera offers a comprehensive and personalized service, adapted to the needs and beliefs of each family.\",\"breadcrumb\":{\"@id\":\"https:\\\/\\\/camero.es\\\/en\\\/funeral-home-in-antequera\\\/#breadcrumb\"},\"inLanguage\":\"en-US\",\"potentialAction\":[{\"@type\":\"ReadAction\",\"target\":[\"https:\\\/\\\/camero.es\\\/en\\\/funeral-home-in-antequera\\\/\"]}]},{\"@type\":\"BreadcrumbList\",\"@id\":\"https:\\\/\\\/camero.es\\\/en\\\/funeral-home-in-antequera\\\/#breadcrumb\",\"itemListElement\":[{\"@type\":\"ListItem\",\"position\":1,\"name\":\"Portada\",\"item\":\"https:\\\/\\\/camero.es\\\/en\\\/\"},{\"@type\":\"ListItem\",\"position\":2,\"name\":\"Funeral Home in Antequera\"}]},{\"@type\":\"WebSite\",\"@id\":\"https:\\\/\\\/camero.es\\\/en\\\/#website\",\"url\":\"https:\\\/\\\/camero.es\\\/en\\\/\",\"name\":\"Funerarias en M\u00e1laga, Funeraria Camero\",\"description\":\"Servicios funerarios en M\u00e1laga, Benalm\u00e1dena, Fuengirola, Mijas, Marbella y Torremolinos\",\"publisher\":{\"@id\":\"https:\\\/\\\/camero.es\\\/en\\\/#organization\"},\"potentialAction\":[{\"@type\":\"SearchAction\",\"target\":{\"@type\":\"EntryPoint\",\"urlTemplate\":\"https:\\\/\\\/camero.es\\\/en\\\/?s={search_term_string}\"},\"query-input\":{\"@type\":\"PropertyValueSpecification\",\"valueRequired\":true,\"valueName\":\"search_term_string\"}}],\"inLanguage\":\"en-US\"},{\"@type\":\"Organization\",\"@id\":\"https:\\\/\\\/camero.es\\\/en\\\/#organization\",\"name\":\"Funerarias en M\u00e1laga, Funeraria Camero\",\"url\":\"https:\\\/\\\/camero.es\\\/en\\\/\",\"logo\":{\"@type\":\"ImageObject\",\"inLanguage\":\"en-US\",\"@id\":\"https:\\\/\\\/camero.es\\\/en\\\/#\\\/schema\\\/logo\\\/image\\\/\",\"url\":\"https:\\\/\\\/camero.es\\\/wp-content\\\/uploads\\\/2023\\\/12\\\/Camero1-2.png\",\"contentUrl\":\"https:\\\/\\\/camero.es\\\/wp-content\\\/uploads\\\/2023\\\/12\\\/Camero1-2.png\",\"width\":3506,\"height\":1090,\"caption\":\"Funerarias en M\u00e1laga, Funeraria Camero\"},\"image\":{\"@id\":\"https:\\\/\\\/camero.es\\\/en\\\/#\\\/schema\\\/logo\\\/image\\\/\"}}]}<\/script>\n<!-- \/ Yoast SEO plugin. -->","yoast_head_json":{"title":"Funeral home in Antequera | National and international transfers","description":"Funeral home in Antequera offers a comprehensive and personalized service, adapted to the needs and beliefs of each family.","robots":{"index":"index","follow":"follow","max-snippet":"max-snippet:-1","max-image-preview":"max-image-preview:large","max-video-preview":"max-video-preview:-1"},"canonical":"https:\/\/camero.es\/en\/funeral-home-in-antequera\/","og_locale":"en_US","og_type":"article","og_title":"Funeral home in Antequera | National and international transfers","og_description":"Funeral home in Antequera offers a comprehensive and personalized service, adapted to the needs and beliefs of each family.","og_url":"https:\/\/camero.es\/en\/funeral-home-in-antequera\/","og_site_name":"Funeraria en M\u00e1laga, Funeraria Camero","article_modified_time":"2026-03-08T18:22:23+00:00","twitter_card":"summary_large_image","twitter_misc":{"Est. reading time":"4 minutes"},"schema":{"@context":"https:\/\/schema.org","@graph":[{"@type":"WebPage","@id":"https:\/\/camero.es\/en\/funeral-home-in-antequera\/","url":"https:\/\/camero.es\/en\/funeral-home-in-antequera\/","name":"Funeral home in Antequera | National and international transfers","isPartOf":{"@id":"https:\/\/camero.es\/en\/#website"},"datePublished":"2025-02-26T17:49:13+00:00","dateModified":"2026-03-08T18:22:23+00:00","description":"Funeral home in Antequera offers a comprehensive and personalized service, adapted to the needs and beliefs of each family.","breadcrumb":{"@id":"https:\/\/camero.es\/en\/funeral-home-in-antequera\/#breadcrumb"},"inLanguage":"en-US","potentialAction":[{"@type":"ReadAction","target":["https:\/\/camero.es\/en\/funeral-home-in-antequera\/"]}]},{"@type":"BreadcrumbList","@id":"https:\/\/camero.es\/en\/funeral-home-in-antequera\/#breadcrumb","itemListElement":[{"@type":"ListItem","position":1,"name":"Portada","item":"https:\/\/camero.es\/en\/"},{"@type":"ListItem","position":2,"name":"Funeral Home in Antequera"}]},{"@type":"WebSite","@id":"https:\/\/camero.es\/en\/#website","url":"https:\/\/camero.es\/en\/","name":"Funerarias en M\u00e1laga, Funeraria Camero","description":"Servicios funerarios en M\u00e1laga, Benalm\u00e1dena, Fuengirola, Mijas, Marbella y Torremolinos","publisher":{"@id":"https:\/\/camero.es\/en\/#organization"},"potentialAction":[{"@type":"SearchAction","target":{"@type":"EntryPoint","urlTemplate":"https:\/\/camero.es\/en\/?s={search_term_string}"},"query-input":{"@type":"PropertyValueSpecification","valueRequired":true,"valueName":"search_term_string"}}],"inLanguage":"en-US"},{"@type":"Organization","@id":"https:\/\/camero.es\/en\/#organization","name":"Funerarias en M\u00e1laga, Funeraria Camero","url":"https:\/\/camero.es\/en\/","logo":{"@type":"ImageObject","inLanguage":"en-US","@id":"https:\/\/camero.es\/en\/#\/schema\/logo\/image\/","url":"https:\/\/camero.es\/wp-content\/uploads\/2023\/12\/Camero1-2.png","contentUrl":"https:\/\/camero.es\/wp-content\/uploads\/2023\/12\/Camero1-2.png","width":3506,"height":1090,"caption":"Funerarias en M\u00e1laga, Funeraria Camero"},"image":{"@id":"https:\/\/camero.es\/en\/#\/schema\/logo\/image\/"}}]}},"_links":{"self":[{"href":"https:\/\/camero.es\/en\/wp-json\/wp\/v2\/pages\/5725","targetHints":{"allow":["GET"]}}],"collection":[{"href":"https:\/\/camero.es\/en\/wp-json\/wp\/v2\/pages"}],"about":[{"href":"https:\/\/camero.es\/en\/wp-json\/wp\/v2\/types\/page"}],"author":[{"embeddable":true,"href":"https:\/\/camero.es\/en\/wp-json\/wp\/v2\/users\/1"}],"replies":[{"embeddable":true,"href":"https:\/\/camero.es\/en\/wp-json\/wp\/v2\/comments?post=5725"}],"version-history":[{"count":5,"href":"https:\/\/camero.es\/en\/wp-json\/wp\/v2\/pages\/5725\/revisions"}],"predecessor-version":[{"id":10327,"href":"https:\/\/camero.es\/en\/wp-json\/wp\/v2\/pages\/5725\/revisions\/10327"}],"wp:attachment":[{"href":"https:\/\/camero.es\/en\/wp-json\/wp\/v2\/media?parent=5725"}],"curies":[{"name":"wp","href":"https:\/\/api.w.org\/{rel}","templated":true}]}}