{"id":990,"date":"2023-12-07T19:23:57","date_gmt":"2023-12-07T19:23:57","guid":{"rendered":"https:\/\/camero.es\/planes-funerarios-en-malaga\/"},"modified":"2024-03-04T10:28:52","modified_gmt":"2024-03-04T10:28:52","slug":"funeral-plans-in-malaga","status":"publish","type":"page","link":"https:\/\/camero.es\/en\/funeral-plans-in-malaga\/","title":{"rendered":"Funeral Plans in Malaga"},"content":{"rendered":"<div class=\"slider-wrapper relative\" id=\"slider-640658596\" >\n    <div class=\"slider slider-nav-circle slider-nav-large slider-nav-light slider-style-normal\"\n        data-flickity-options='{\n            \"cellAlign\": \"center\",\n            \"imagesLoaded\": true,\n            \"lazyLoad\": 1,\n            \"freeScroll\": false,\n            \"wrapAround\": true,\n            \"autoPlay\": 6000,\n            \"pauseAutoPlayOnHover\" : true,\n            \"prevNextButtons\": true,\n            \"contain\" : true,\n            \"adaptiveHeight\" : true,\n            \"dragThreshold\" : 10,\n            \"percentPosition\": true,\n            \"pageDots\": true,\n            \"rightToLeft\": false,\n            \"draggable\": true,\n            \"selectedAttraction\": 0.1,\n            \"parallax\" : 0,\n            \"friction\": 0.6        }'\n        >\n        \n\n  <div class=\"banner has-hover\" id=\"banner-1839602047\">\n          <div class=\"banner-inner fill\">\n        <div class=\"banner-bg fill\" >\n            <img loading=\"lazy\" decoding=\"async\" width=\"1536\" height=\"584\" src=\"https:\/\/camero.es\/wp-content\/uploads\/2023\/12\/crematorio_bernalmadena-1536x584.jpg\" class=\"bg attachment-1536x1536 size-1536x1536\" alt=\"\" \/>                        <div class=\"overlay\"><\/div>            \n                    <\/div>\n\t\t\n        <div class=\"banner-layers container\">\n            <div class=\"fill banner-link\"><\/div>            \n   <div id=\"text-box-95783744\" class=\"text-box banner-layer x50 md-x50 lg-x50 y50 md-y50 lg-y50 res-text\">\n                                <div class=\"text-box-content text dark\">\n              \n              <div class=\"text-inner text-center\">\n                  \n<h1 class=\"uppercase\"><span style=\"font-size: 90%;\"><strong>Funeral plans in Malaga<\/strong><\/span><\/h1>\n<h2><span style=\"font-size: 75%;\">&#8220;A price, a payment, a funeral home&#8221;<br \/>\nFixed price without increments and without intermediaries.<\/span><\/h2>\n              <\/div>\n           <\/div>\n                            \n<style>\n#text-box-95783744 {\n  width: 90%;\n}\n#text-box-95783744 .text-box-content {\n  font-size: 100%;\n}\n<\/style>\n    <\/div>\n \n        <\/div>\n      <\/div>\n\n            \n<style>\n#banner-1839602047 {\n  padding-top: 530px;\n}\n#banner-1839602047 .overlay {\n  background-color: rgba(0,0,0,.5);\n}\n#banner-1839602047 .banner-bg img {\n  object-position: 53% 7%;\n}\n<\/style>\n  <\/div>\n\n\n     <\/div>\n\n     <div class=\"loading-spin dark large centered\"><\/div>\n\n\t<\/div>\n\n\n\n\t<section class=\"section\" id=\"section_113890261\">\n\t\t<div class=\"section-bg fill\" >\n\t\t\t\t\t\t\t\t\t\n\t\t\t\n\n\t\t<\/div>\n\n\t\t\n\n\t\t<div class=\"section-content relative\">\n\t\t\t\n\t<div id=\"gap-1256289428\" class=\"gap-element clearfix\" style=\"display:block; height:auto;\">\n\t\t\n<style>\n#gap-1256289428 {\n  padding-top: 30px;\n}\n<\/style>\n\t<\/div>\n\t\n<div class=\"row align-middle\"  id=\"row-1953071960\">\n\n\t<div id=\"col-55499376\" class=\"col medium-12 small-12 large-6\"  >\n\t\t\t\t<div class=\"col-inner\"  >\n\t\t\t\n\t\t\t\n\t<div id=\"gap-413272989\" class=\"gap-element clearfix\" style=\"display:block; height:auto;\">\n\t\t\n<style>\n#gap-413272989 {\n  padding-top: 10px;\n}\n@media (min-width:850px) {\n  #gap-413272989 {\n    padding-top: 30px;\n  }\n}\n<\/style>\n\t<\/div>\n\t\n<div class=\"container section-title-container\" ><h2 class=\"section-title section-title-normal\"><b aria-hidden=\"true\"><\/b><span class=\"section-title-main\" style=\"font-size:145%;color:rgb(0, 46, 91);\">Prevention is always the best ally.<\/span><b aria-hidden=\"true\"><\/b><\/h2><\/div>\n<p><span style=\"font-size: 140%; color: #002e5b;\">Prevention is always the best ally. The most practical way to have everything planned.<\/span><\/p>\n<hr \/>\n<p><span style=\"font-size: 110%;\">The most practical way to have everything planned. It would be more comfortable if, once the time had come, everything was ready, fulfilling the will of the person at all times. For the relatives it would be more comfortable since they would not have to worry because everything was planned already.<\/span><\/p>\n<p>Funeraria Francisco Camero S.L. has created a company called <strong>DIGNITY CHARTER<\/strong> that makes funerary plans, so that each person can choose the type of service they want for their own funeral.<\/p>\n<div class=\"row\"  id=\"row-551827801\">\n\n\t<div id=\"col-270744435\" class=\"col medium-3 small-12 large-3\"  >\n\t\t\t\t<div class=\"col-inner\"  >\n\t\t\t\n\t\t\t\n\t\t<\/div>\n\t\t\t\t\t<\/div>\n\n\t\n\n\t<div id=\"col-1644872379\" class=\"col medium-6 small-12 large-6\"  >\n\t\t\t\t<div class=\"col-inner\"  >\n\t\t\t\n\t\t\t\n<a href=\"tel:+34952448171\" class=\"button primary is-large expand\" style=\"border-radius:10px;\">\n\t<i class=\"icon-phone\" aria-hidden=\"true\"><\/i>\t<span>952 44 81 71<\/span>\n\t<\/a>\n\n\t\t<\/div>\n\t\t\t\t\t<\/div>\n\n\t\n\n\t<div id=\"col-1422086609\" class=\"col medium-3 small-12 large-3\"  >\n\t\t\t\t<div class=\"col-inner\"  >\n\t\t\t\n\t\t\t\n\t\t<\/div>\n\t\t\t\t\t<\/div>\n\n\t\n<\/div>\n\t\t<\/div>\n\t\t\t\t\n<style>\n#col-55499376 > .col-inner {\n  padding: 0px 0px 0px 0;\n}\n@media (min-width:850px) {\n  #col-55499376 > .col-inner {\n    padding: 0px 0px 0px 10%;\n  }\n}\n<\/style>\n\t<\/div>\n\n\t\n\n\t<div id=\"col-2123197219\" class=\"col medium-12 small-12 large-6\"  >\n\t\t\t\t<div class=\"col-inner\"  >\n\t\t\t\n\t\t\t\n\n  <div class=\"banner has-hover\" id=\"banner-1121589683\">\n          <div class=\"banner-inner fill\">\n        <div class=\"banner-bg fill\" >\n            <img loading=\"lazy\" decoding=\"async\" width=\"903\" height=\"903\" src=\"https:\/\/camero.es\/wp-content\/uploads\/2023\/12\/Planes_funerarios_malaga.jpg\" class=\"bg attachment-large size-large\" alt=\"\" \/>                                    \n                    <\/div>\n\t\t\n        <div class=\"banner-layers container\">\n            <div class=\"fill banner-link\"><\/div>            \n   <div id=\"text-box-696055015\" class=\"text-box banner-layer x50 md-x50 lg-x50 y50 md-y50 lg-y50 res-text\">\n                                <div class=\"text-box-content text dark\">\n              \n              <div class=\"text-inner text-center\">\n                  \n              <\/div>\n           <\/div>\n                            \n<style>\n#text-box-696055015 {\n  width: 60%;\n}\n#text-box-696055015 .text-box-content {\n  font-size: 100%;\n}\n<\/style>\n    <\/div>\n \n        <\/div>\n      <\/div>\n\n            \n<style>\n#banner-1121589683 {\n  padding-top: 99.99%;\n  background-color: rgb(255, 255, 255);\n}\n#banner-1121589683 .banner-bg img {\n  object-position: 35% 56%;\n}\n@media (min-width:550px) {\n  #banner-1121589683 {\n    padding-top: 75%;\n  }\n}\n@media (min-width:850px) {\n  #banner-1121589683 {\n    padding-top: 120%;\n  }\n}\n<\/style>\n  <\/div>\n\n\n\t\t<\/div>\n\t\t\t\t\t<\/div>\n\n\t\n<\/div>\n\t\t<\/div>\n\n\t\t\n<style>\n#section_113890261 {\n  padding-top: 40px;\n  padding-bottom: 40px;\n}\n@media (min-width:850px) {\n  #section_113890261 {\n    padding-top: 70px;\n    padding-bottom: 70px;\n  }\n}\n<\/style>\n\t<\/section>\n\t\n\n\t<section class=\"section\" id=\"section_1474324406\">\n\t\t<div class=\"section-bg fill\" >\n\t\t\t\t\t\t\t\t\t\n\t\t\t\n\n\t\t<\/div>\n\n\t\t\n\n\t\t<div class=\"section-content relative\">\n\t\t\t\n\t<div id=\"gap-259730660\" class=\"gap-element clearfix\" style=\"display:block; height:auto;\">\n\t\t\n<style>\n#gap-259730660 {\n  padding-top: 30px;\n}\n<\/style>\n\t<\/div>\n\t\n<div class=\"row\"  id=\"row-1782477972\">\n\n\t<div id=\"col-380669078\" class=\"col small-12 large-12\"  >\n\t\t\t\t<div class=\"col-inner text-left\" style=\"background-color:rgb(255, 255, 255);\" >\n\t\t\t\n\t<div class=\"is-border\"\n\t\tstyle=\"border-color:rgb(255, 255, 255);border-radius:16px;border-width:2px 2px 2px 2px;margin:-11px -11px -11px -11px;\">\n\t<\/div>\n\t\t\t\n<div class=\"row align-middle\"  id=\"row-610303913\">\n\n\t<div id=\"col-167206756\" class=\"col medium-12 small-12 large-9\"  >\n\t\t\t\t<div class=\"col-inner\"  >\n\t\t\t\n\t\t\t\n\t<div id=\"text-3411733152\" class=\"text\">\n\t\t\n<h3 class=\"uppercase\"><span style=\"color: #002e5b;\">request more information<\/span><\/h3>\n\t\t\n<style>\n#text-3411733152 {\n  font-size: 1.75rem;\n  text-align: center;\n}\n@media (min-width:850px) {\n  #text-3411733152 {\n    text-align: left;\n  }\n}\n<\/style>\n\t<\/div>\n\t\n\t\t<\/div>\n\t\t\t\t\n<style>\n#col-167206756 > .col-inner {\n  margin: 0px 0px -20px 0px;\n}\n@media (min-width:850px) {\n  #col-167206756 > .col-inner {\n    margin: 0px 0px 0 0px;\n  }\n}\n<\/style>\n\t<\/div>\n\n\t\n\n\t<div id=\"col-213523582\" class=\"col medium-12 small-12 large-3\"  >\n\t\t\t\t<div class=\"col-inner\"  >\n\t\t\t\n\t\t\t\n<a href=\"https:\/\/camero.es\/en\/contact\/\" class=\"button primary expand\" style=\"border-radius:10px;padding:5px 20px 5px 20px;\">\n\t\t<span>contact<\/span>\n\t<\/a>\n\n\t\t<\/div>\n\t\t\t\t\t<\/div>\n\n\t\n<\/div>\n\t\t<\/div>\n\t\t\t\t\n<style>\n#col-380669078 > .col-inner {\n  padding: 10% 10% 0 10%;\n  border-radius: 10px;\n}\n@media (min-width:550px) {\n  #col-380669078 > .col-inner {\n    padding: 5% 5% 0 5%;\n  }\n}\n@media (min-width:850px) {\n  #col-380669078 > .col-inner {\n    padding: 5% 5% 1% 5%;\n  }\n}\n<\/style>\n\t<\/div>\n\n\t\n<\/div>\n\t\t<\/div>\n\n\t\t\n<style>\n#section_1474324406 {\n  padding-top: 30px;\n  padding-bottom: 30px;\n  background-color: rgb(0, 46, 91);\n}\n<\/style>\n\t<\/section>\n\t\n\n\t<section class=\"section dark\" id=\"section_1276033974\">\n\t\t<div class=\"section-bg fill\" >\n\t\t\t<img loading=\"lazy\" decoding=\"async\" width=\"1920\" height=\"730\" src=\"https:\/\/camero.es\/wp-content\/uploads\/2023\/12\/Servicios-funerarios_malaga_1920x730.jpg\" class=\"bg attachment- size-\" alt=\"\" \/>\t\t\t\t\t\t<div class=\"section-bg-overlay absolute fill\"><\/div>\n\t\t\t\n\n\t\t<\/div>\n\n\t\t\n\n\t\t<div class=\"section-content relative\">\n\t\t\t\n<div class=\"row\"  id=\"row-186692928\">\n\n\t<div id=\"col-1321122730\" class=\"col small-12 large-12\"  >\n\t\t\t\t<div class=\"col-inner\"  >\n\t\t\t\n\t\t\t\n\t<div id=\"gap-1785835177\" class=\"gap-element clearfix\" style=\"display:block; height:auto;\">\n\t\t\n<style>\n#gap-1785835177 {\n  padding-top: 20px;\n}\n<\/style>\n\t<\/div>\n\t\n<p style=\"text-align: center;\"><span style=\"font-size: 300%;\"><strong>What is a funeral plan?<\/strong><\/span><\/p>\n<h2 style=\"text-align: center;\">Find out what is a funeral plan and all the types that we have in our funeral homes in the province of Malaga.<\/h2>\n<hr \/>\n<p style=\"text-align: center;\"><span style=\"font-size: 250%;\"><em><strong><a href=\"https:\/\/camero.es\/contacto\/\" data-wplink-edit=\"true\"><span style=\"text-decoration: underline;\">Ask Us<\/span><\/a><\/strong><\/em><\/span><\/p>\n\t\t<\/div>\n\t\t\t\t\t<\/div>\n\n\t\n<\/div>\n\t\t<\/div>\n\n\t\t\n<style>\n#section_1276033974 {\n  padding-top: 30px;\n  padding-bottom: 30px;\n  background-color: rgb(0,0,0);\n}\n#section_1276033974 .section-bg-overlay {\n  background-color: rgba(0, 0, 0, 0.18);\n}\n<\/style>\n\t<\/section>\n\t\n\n\t<section class=\"section\" id=\"section_1233974418\">\n\t\t<div class=\"section-bg fill\" >\n\t\t\t\t\t\t\t\t\t\n\t\t\t\n\t<div class=\"is-border\"\n\t\tstyle=\"border-width:0px 0px 0px 0px;margin:0px 0px 0px 0px;\">\n\t<\/div>\n\n\t\t<\/div>\n\n\t\t\n\n\t\t<div class=\"section-content relative\">\n\t\t\t\n<div class=\"row\" style=\"max-width:1300px\" id=\"row-1546076383\">\n\n\t<div id=\"col-89208271\" class=\"col medium-4 small-12 large-4\"  >\n\t\t\t\t<div class=\"col-inner text-left\" style=\"background-color:rgb(255,255,255);\" >\n\t\t\t\n\t<div class=\"is-border\"\n\t\tstyle=\"border-width:0px 0px 0px 0px;margin:0px 0px 0px 0px;\">\n\t<\/div>\n\t\t\t\n\t<div id=\"gap-845630798\" class=\"gap-element clearfix\" style=\"display:block; height:auto;\">\n\t\t\n<style>\n#gap-845630798 {\n  padding-top: 30px;\n}\n<\/style>\n\t<\/div>\n\t\n\t<div class=\"img has-hover x md-x lg-x y md-y lg-y\" id=\"image_1136625120\">\n\t\t\t\t\t\t\t\t<div class=\"img-inner image-cover dark\" style=\"padding-top:60%;margin:0px 4px 0px 4px;\">\n\t\t\t<img loading=\"lazy\" decoding=\"async\" width=\"600\" height=\"401\" src=\"https:\/\/camero.es\/wp-content\/uploads\/2023\/12\/Basic.jpg\" class=\"attachment-large size-large\" alt=\"\" srcset=\"https:\/\/camero.es\/wp-content\/uploads\/2023\/12\/Basic.jpg 600w, https:\/\/camero.es\/wp-content\/uploads\/2023\/12\/Basic-300x201.jpg 300w\" sizes=\"auto, (max-width: 600px) 100vw, 600px\" \/>\t\t\t\t\t\t\t<div class=\"overlay\" style=\"background-color: rgba(110, 107, 107, 0.012)\"><\/div>\n\t\t\t\t\t\t\n\t\t\t\t\t<\/div>\n\t\t\t\t\t\t\t\t\n<style>\n#image_1136625120 {\n  width: 100%;\n}\n<\/style>\n\t<\/div>\n\t\n\t<div id=\"gap-33376815\" class=\"gap-element clearfix\" style=\"display:block; height:auto;\">\n\t\t\n<style>\n#gap-33376815 {\n  padding-top: 20px;\n}\n<\/style>\n\t<\/div>\n\t\n\t<div id=\"text-821948927\" class=\"text\">\n\t\t\n<p><span style=\"font-size: 110%;\">This is a plan that covers the basic needs of a funeral but with the guarantee of professionalism and experience of our<br \/>company.<\/span><\/p>\n<p><span style=\"font-size: 110%;\">We are prepared to meet your needs in the best possible way.<\/span><\/p>\n<ul>\n<li><span style=\"font-size: 110%;\">24-hour assistance<\/span><\/li>\n<li><span style=\"font-size: 110%;\">Transfer to the cemetery<\/span><\/li>\n<li><span style=\"font-size: 110%;\">1-2 days of camera<\/span><\/li>\n<li><span style=\"font-size: 110%;\">Burial coffin<\/span><\/li>\n<li><span style=\"font-size: 110%;\">Shroud sheet<\/span><\/li>\n<li><span style=\"font-size: 110%;\">Medical certificate<\/span><\/li>\n<li><span style=\"font-size: 110%;\">Death certificates<\/span><\/li>\n<li><span style=\"font-size: 110%;\">Cremation<\/span><\/li>\n<li><span style=\"font-size: 110%;\">Metal urn<\/span><\/li>\n<li><span style=\"font-size: 110%;\">Certificate of last wills<\/span><\/li>\n<\/ul>\n<p><span style=\"font-size: 110%;\">We are differentiated by our quality and supervision to the last detail so that this day is as intimate as possible.<\/span><\/p>\n<p><span style=\"font-size: 110%;\">If you have any questions, do not hesitate to contact us without obligation.<\/span><\/p>\n\t\t\n<style>\n#text-821948927 {\n  line-height: 1.35;\n}\n<\/style>\n\t<\/div>\n\t\n<a href=\"https:\/\/camero.es\/en\/contact\/\" class=\"button primary is-large lowercase expand\" style=\"border-radius:10px;padding:0px 0px 0px 0px;\">\n\t\t<span>Request your plan<\/span>\n\t<i class=\"icon-envelop\" aria-hidden=\"true\"><\/i><\/a>\n\n\t\t<\/div>\n\t\t\t\t\n<style>\n#col-89208271 > .col-inner {\n  padding: 0px 0px 0px 0px;\n  margin: 0px 0px 0px 0px;\n}\n<\/style>\n\t<\/div>\n\n\t\n\n\t<div id=\"col-440812489\" class=\"col medium-4 small-12 large-4\"  >\n\t\t\t\t<div class=\"col-inner text-left\" style=\"background-color:rgb(255,255,255);\" >\n\t\t\t\n\t<div class=\"is-border\"\n\t\tstyle=\"border-width:0px 0px 0px 0px;margin:0px 0px 0px 0px;\">\n\t<\/div>\n\t\t\t\n\t<div id=\"gap-71832846\" class=\"gap-element clearfix\" style=\"display:block; height:auto;\">\n\t\t\n<style>\n#gap-71832846 {\n  padding-top: 30px;\n}\n<\/style>\n\t<\/div>\n\t\n\t<div class=\"img has-hover x md-x lg-x y md-y lg-y\" id=\"image_665597792\">\n\t\t\t\t\t\t\t\t<div class=\"img-inner image-cover dark\" style=\"padding-top:60%;margin:0px 4px 0px 4px;\">\n\t\t\t<img loading=\"lazy\" decoding=\"async\" width=\"600\" height=\"400\" src=\"https:\/\/camero.es\/wp-content\/uploads\/2023\/12\/medium.jpg\" class=\"attachment-large size-large\" alt=\"\" srcset=\"https:\/\/camero.es\/wp-content\/uploads\/2023\/12\/medium.jpg 600w, https:\/\/camero.es\/wp-content\/uploads\/2023\/12\/medium-300x200.jpg 300w\" sizes=\"auto, (max-width: 600px) 100vw, 600px\" \/>\t\t\t\t\t\t\t<div class=\"overlay\" style=\"background-color: rgba(166, 165, 165, 0)\"><\/div>\n\t\t\t\t\t\t\n\t\t\t\t\t<\/div>\n\t\t\t\t\t\t\t\t\n<style>\n#image_665597792 {\n  width: 100%;\n}\n<\/style>\n\t<\/div>\n\t\n\t<div id=\"gap-69781759\" class=\"gap-element clearfix\" style=\"display:block; height:auto;\">\n\t\t\n<style>\n#gap-69781759 {\n  padding-top: 20px;\n}\n<\/style>\n\t<\/div>\n\t\n\t<div id=\"text-2726704912\" class=\"text\">\n\t\t\n<div id=\"m3450\" class=\"module text\">\n<p><span style=\"font-size: 110%;\">This plan allows a more integral farewell and with more flexibility to add elements that the relatives consider appropriate.<br \/><\/span><span style=\"font-size: 110%;\">This system is perfect to guarantee emotional and economic tranquility to the family in those hard times.<\/span><\/p>\n<ul>\n<li><span style=\"font-size: 110%;\">24 hour assistance<\/span><\/li>\n<li><span style=\"font-size: 110%;\">Transfer to the cemetery<\/span><\/li>\n<li><span style=\"font-size: 110%;\">Waiting room (Max 1 day)<\/span><\/li>\n<li><span style=\"font-size: 110%;\">Wooden casket for cremation<\/span><\/li>\n<li><span style=\"font-size: 110%;\">Savannah Shroud<\/span><\/li>\n<li><span style=\"font-size: 110%;\">Conditioning of the body<\/span><\/li>\n<li><span style=\"font-size: 110%;\">Medical certificate<\/span><\/li>\n<li><span style=\"font-size: 110%;\">1 natural flower crown<\/span><\/li>\n<li><span style=\"font-size: 110%;\">Chapel (without parish priest)<\/span><\/li>\n<li><span style=\"font-size: 110%;\">Death certificates<\/span><\/li>\n<li><span style=\"font-size: 110%;\">Cremation<\/span><\/li>\n<li><span style=\"font-size: 110%;\">Wooden Urn<\/span><\/li>\n<li><span style=\"font-size: 110%;\">Certificate of last wills<\/span><\/li>\n<\/ul>\n<p><span style=\"font-size: 110%;\">For us, our customers are the most important. If you need to ask us any questions you can do it without obligation.<\/span><\/p>\n<\/div>\n\t\t\n<style>\n#text-2726704912 {\n  line-height: 1.35;\n}\n<\/style>\n\t<\/div>\n\t\n<a href=\"https:\/\/camero.es\/en\/contact\/\" class=\"button primary is-large lowercase expand\" style=\"border-radius:10px;padding:0px 0px 0px 0px;\">\n\t\t<span>Request your plan<\/span>\n\t<i class=\"icon-envelop\" aria-hidden=\"true\"><\/i><\/a>\n\n\t\t<\/div>\n\t\t\t\t\n<style>\n#col-440812489 > .col-inner {\n  padding: 0px 0px 0px 0px;\n  margin: 0px 0px 0px 0px;\n}\n<\/style>\n\t<\/div>\n\n\t\n\n\t<div id=\"col-1088225191\" class=\"col medium-4 small-12 large-4\"  >\n\t\t\t\t<div class=\"col-inner text-left\" style=\"background-color:rgb(255,255,255);\" >\n\t\t\t\n\t<div class=\"is-border\"\n\t\tstyle=\"border-width:0px 0px 0px 0px;margin:0px 0px 0px 0px;\">\n\t<\/div>\n\t\t\t\n\t<div id=\"gap-1789287725\" class=\"gap-element clearfix\" style=\"display:block; height:auto;\">\n\t\t\n<style>\n#gap-1789287725 {\n  padding-top: 30px;\n}\n<\/style>\n\t<\/div>\n\t\n\t<div class=\"img has-hover x md-x lg-x y md-y lg-y\" id=\"image_634181875\">\n\t\t\t\t\t\t\t\t<div class=\"img-inner image-cover dark\" style=\"padding-top:60%;margin:0px 4px 0px 4px;\">\n\t\t\t<img loading=\"lazy\" decoding=\"async\" width=\"600\" height=\"400\" src=\"https:\/\/camero.es\/wp-content\/uploads\/2023\/12\/premium_en.jpg\" class=\"attachment-large size-large\" alt=\"\" srcset=\"https:\/\/camero.es\/wp-content\/uploads\/2023\/12\/premium_en.jpg 600w, https:\/\/camero.es\/wp-content\/uploads\/2023\/12\/premium_en-300x200.jpg 300w\" sizes=\"auto, (max-width: 600px) 100vw, 600px\" \/>\t\t\t\t\t\t\t<div class=\"overlay\" style=\"background-color: rgba(110, 107, 107, 0)\"><\/div>\n\t\t\t\t\t\t\n\t\t\t\t\t<\/div>\n\t\t\t\t\t\t\t\t\n<style>\n#image_634181875 {\n  width: 100%;\n}\n<\/style>\n\t<\/div>\n\t\n\t<div id=\"gap-261864896\" class=\"gap-element clearfix\" style=\"display:block; height:auto;\">\n\t\t\n<style>\n#gap-261864896 {\n  padding-top: 20px;\n}\n<\/style>\n\t<\/div>\n\t\n\t<div id=\"text-2065696213\" class=\"text\">\n\t\t\n<p><span style=\"font-size: 110%;\">It is a plan that we could define as \u201ccomplete\u201d so that when it is necessary only the final details should be decided to give a farewell in the best conditions.<\/span><\/p>\n<p>What matters is that our clients can dismiss their loved ones according to their wishes, in the most significant way.<\/p>\n<ul>\n<li>24 hour assistance<\/li>\n<li>Transfer to the cemetery<\/li>\n<li>Wake room (2 days)<\/li>\n<li>Wooden coffin for cremation<\/li>\n<li>Conditioning of the body<\/li>\n<li>Shroud sheet<\/li>\n<li>Medical certificate<\/li>\n<li>2 natural flower wreaths<\/li>\n<li>1 flower center<\/li>\n<li>2 accompanying cars<\/li>\n<li>Chapel<\/li>\n<li>Parish priest<\/li>\n<li>Death certificates<\/li>\n<li>Certificate of last wills<\/li>\n<li>Cremation<\/li>\n<li>Deluxe Urn<\/li>\n<\/ul>\n<p>We are available to answer any questions you have, do not hesitate to contact us.<\/p>\n\t\t\n<style>\n#text-2065696213 {\n  line-height: 1.35;\n}\n<\/style>\n\t<\/div>\n\t\n<a href=\"https:\/\/camero.es\/en\/contact\/\" class=\"button primary is-large lowercase expand\" style=\"border-radius:10px;padding:0px 0px 0px 0px;\">\n\t\t<span>Request your plan<\/span>\n\t<i class=\"icon-envelop\" aria-hidden=\"true\"><\/i><\/a>\n\n\t\t<\/div>\n\t\t\t\t\n<style>\n#col-1088225191 > .col-inner {\n  padding: 0px 0px 0px 0px;\n  margin: 0px 0px 0px 0px;\n}\n<\/style>\n\t<\/div>\n\n\t\n\n<style>\n#row-1546076383 > .col > .col-inner {\n  padding: 0px 14px 14px 14px;\n}\n<\/style>\n<\/div>\n\t\t<\/div>\n\n\t\t\n<style>\n#section_1233974418 {\n  padding-top: 75px;\n  padding-bottom: 75px;\n  background-color: #002e5b;\n}\n@media (min-width:550px) {\n  #section_1233974418 {\n    padding-top: 80px;\n    padding-bottom: 80px;\n  }\n}\n@media (min-width:850px) {\n  #section_1233974418 {\n    padding-top: 130px;\n    padding-bottom: 130px;\n  }\n}\n<\/style>\n\t<\/section>\n\t\n\n\t<section class=\"section\" id=\"section_1426909176\">\n\t\t<div class=\"section-bg fill\" >\n\t\t\t\t\t\t\t\t\t\n\t\t\t\n\n\t\t<\/div>\n\n\t\t\n\n\t\t<div class=\"section-content relative\">\n\t\t\t\n\t<div id=\"gap-1648587382\" class=\"gap-element clearfix\" style=\"display:block; height:auto;\">\n\t\t\n<style>\n#gap-1648587382 {\n  padding-top: 30px;\n}\n<\/style>\n\t<\/div>\n\t\n<div class=\"row row-large\"  id=\"row-232686440\">\n\n\t<div id=\"col-1658149772\" class=\"col medium-12 small-12 large-6\"  >\n\t\t\t\t<div class=\"col-inner\"  >\n\t\t\t\n\t\t\t\n\t<div id=\"text-3016950730\" class=\"text\">\n\t\t\n<h2><span style=\"color: #002e5b;\">I have a Funeral Plan. <br \/>Now what?<\/span><\/h2>\n\t\t\n<style>\n#text-3016950730 {\n  font-size: 1.5rem;\n}\n<\/style>\n\t<\/div>\n\t\n<p><span style=\"font-size: 140%;\">Having a plan and that nobody knows is a contradiction.<br \/>\n<\/span><\/p>\n<a data-animate=\"fadeInLeft\" href=\"tel:+34952448171\" class=\"button primary is-larger\" style=\"border-radius:10px;\">\n\t<i class=\"icon-phone\" aria-hidden=\"true\"><\/i>\t<span>952 44 81 71<\/span>\n\t<\/a>\n\n\t\t<\/div>\n\t\t\t\t\t<\/div>\n\n\t\n\n\t<div id=\"col-1946631201\" class=\"col medium-12 small-12 large-6\"  >\n\t\t\t\t<div class=\"col-inner\"  >\n\t\t\t\n\t\t\t\n<p><span style=\"font-size: 115%;\">Make sure that your family and those who attend to your affairs (lawyer, accountant, etc.) are aware of the plan and share with them the \u201cProtocol on death\u201d section.<\/span><\/p>\n<p><span style=\"font-size: 115%;\">If you have any doubt contact us it is better to ask the questions BEFORE, so the sooner they ask us \u2026 the better.<\/span><\/p>\n<p><span style=\"font-size: 115%;\">And to those that you want to be informed we would share the details of the plan.<\/span><\/p>\n\t\t<\/div>\n\t\t\t\t\t<\/div>\n\n\t\n<\/div>\n\t\t<\/div>\n\n\t\t\n<style>\n#section_1426909176 {\n  padding-top: 30px;\n  padding-bottom: 30px;\n}\n<\/style>\n\t<\/section>\n\t\n","protected":false},"excerpt":{"rendered":"","protected":false},"author":1,"featured_media":0,"parent":0,"menu_order":0,"comment_status":"closed","ping_status":"closed","template":"page-transparent-header-light.php","meta":{"_joinchat":[],"footnotes":""},"class_list":["post-990","page","type-page","status-publish","hentry"],"yoast_head":"<!-- This site is optimized with the Yoast SEO plugin v27.4 - https:\/\/yoast.com\/product\/yoast-seo-wordpress\/ -->\n<title>Planes funerarios en M\u00e1laga | Funerarias Camero<\/title>\n<meta name=\"description\" content=\"All types of funeral plans in Malaga. Funeral homes in M\u00e1laga, Benalm\u00e1dena, Fuengirola, Marbella, Mijas and Torremolinos.\" \/>\n<meta name=\"robots\" content=\"index, follow, max-snippet:-1, max-image-preview:large, max-video-preview:-1\" \/>\n<link rel=\"canonical\" href=\"https:\/\/camero.es\/en\/funeral-plans-in-malaga\/\" \/>\n<meta property=\"og:locale\" content=\"en_US\" \/>\n<meta property=\"og:type\" content=\"article\" \/>\n<meta property=\"og:title\" content=\"Planes funerarios en M\u00e1laga | Funerarias Camero\" \/>\n<meta property=\"og:description\" content=\"All types of funeral plans in Malaga. Funeral homes in M\u00e1laga, Benalm\u00e1dena, Fuengirola, Marbella, Mijas and Torremolinos.\" \/>\n<meta property=\"og:url\" content=\"https:\/\/camero.es\/en\/funeral-plans-in-malaga\/\" \/>\n<meta property=\"og:site_name\" content=\"Funeraria en M\u00e1laga, Funeraria Camero\" \/>\n<meta property=\"article:modified_time\" content=\"2024-03-04T10:28:52+00:00\" \/>\n<meta name=\"twitter:card\" content=\"summary_large_image\" \/>\n<meta name=\"twitter:label1\" content=\"Est. reading time\" \/>\n\t<meta name=\"twitter:data1\" content=\"5 minutes\" \/>\n<script type=\"application\/ld+json\" class=\"yoast-schema-graph\">{\"@context\":\"https:\\\/\\\/schema.org\",\"@graph\":[{\"@type\":\"WebPage\",\"@id\":\"https:\\\/\\\/camero.es\\\/en\\\/funeral-plans-in-malaga\\\/\",\"url\":\"https:\\\/\\\/camero.es\\\/en\\\/funeral-plans-in-malaga\\\/\",\"name\":\"Planes funerarios en M\u00e1laga | Funerarias Camero\",\"isPartOf\":{\"@id\":\"https:\\\/\\\/camero.es\\\/en\\\/#website\"},\"datePublished\":\"2023-12-07T19:23:57+00:00\",\"dateModified\":\"2024-03-04T10:28:52+00:00\",\"description\":\"All types of funeral plans in Malaga. Funeral homes in M\u00e1laga, Benalm\u00e1dena, Fuengirola, Marbella, Mijas and Torremolinos.\",\"breadcrumb\":{\"@id\":\"https:\\\/\\\/camero.es\\\/en\\\/funeral-plans-in-malaga\\\/#breadcrumb\"},\"inLanguage\":\"en-US\",\"potentialAction\":[{\"@type\":\"ReadAction\",\"target\":[\"https:\\\/\\\/camero.es\\\/en\\\/funeral-plans-in-malaga\\\/\"]}]},{\"@type\":\"BreadcrumbList\",\"@id\":\"https:\\\/\\\/camero.es\\\/en\\\/funeral-plans-in-malaga\\\/#breadcrumb\",\"itemListElement\":[{\"@type\":\"ListItem\",\"position\":1,\"name\":\"Portada\",\"item\":\"https:\\\/\\\/camero.es\\\/en\\\/\"},{\"@type\":\"ListItem\",\"position\":2,\"name\":\"Funeral Plans in Malaga\"}]},{\"@type\":\"WebSite\",\"@id\":\"https:\\\/\\\/camero.es\\\/en\\\/#website\",\"url\":\"https:\\\/\\\/camero.es\\\/en\\\/\",\"name\":\"Funerarias en M\u00e1laga, Funeraria Camero\",\"description\":\"Servicios funerarios en M\u00e1laga, Benalm\u00e1dena, Fuengirola, Mijas, Marbella y Torremolinos\",\"publisher\":{\"@id\":\"https:\\\/\\\/camero.es\\\/en\\\/#organization\"},\"potentialAction\":[{\"@type\":\"SearchAction\",\"target\":{\"@type\":\"EntryPoint\",\"urlTemplate\":\"https:\\\/\\\/camero.es\\\/en\\\/?s={search_term_string}\"},\"query-input\":{\"@type\":\"PropertyValueSpecification\",\"valueRequired\":true,\"valueName\":\"search_term_string\"}}],\"inLanguage\":\"en-US\"},{\"@type\":\"Organization\",\"@id\":\"https:\\\/\\\/camero.es\\\/en\\\/#organization\",\"name\":\"Funerarias en M\u00e1laga, Funeraria Camero\",\"url\":\"https:\\\/\\\/camero.es\\\/en\\\/\",\"logo\":{\"@type\":\"ImageObject\",\"inLanguage\":\"en-US\",\"@id\":\"https:\\\/\\\/camero.es\\\/en\\\/#\\\/schema\\\/logo\\\/image\\\/\",\"url\":\"https:\\\/\\\/camero.es\\\/wp-content\\\/uploads\\\/2023\\\/12\\\/Camero1-2.png\",\"contentUrl\":\"https:\\\/\\\/camero.es\\\/wp-content\\\/uploads\\\/2023\\\/12\\\/Camero1-2.png\",\"width\":3506,\"height\":1090,\"caption\":\"Funerarias en M\u00e1laga, Funeraria Camero\"},\"image\":{\"@id\":\"https:\\\/\\\/camero.es\\\/en\\\/#\\\/schema\\\/logo\\\/image\\\/\"}}]}<\/script>\n<!-- \/ Yoast SEO plugin. -->","yoast_head_json":{"title":"Planes funerarios en M\u00e1laga | Funerarias Camero","description":"All types of funeral plans in Malaga. Funeral homes in M\u00e1laga, Benalm\u00e1dena, Fuengirola, Marbella, Mijas and Torremolinos.","robots":{"index":"index","follow":"follow","max-snippet":"max-snippet:-1","max-image-preview":"max-image-preview:large","max-video-preview":"max-video-preview:-1"},"canonical":"https:\/\/camero.es\/en\/funeral-plans-in-malaga\/","og_locale":"en_US","og_type":"article","og_title":"Planes funerarios en M\u00e1laga | Funerarias Camero","og_description":"All types of funeral plans in Malaga. Funeral homes in M\u00e1laga, Benalm\u00e1dena, Fuengirola, Marbella, Mijas and Torremolinos.","og_url":"https:\/\/camero.es\/en\/funeral-plans-in-malaga\/","og_site_name":"Funeraria en M\u00e1laga, Funeraria Camero","article_modified_time":"2024-03-04T10:28:52+00:00","twitter_card":"summary_large_image","twitter_misc":{"Est. reading time":"5 minutes"},"schema":{"@context":"https:\/\/schema.org","@graph":[{"@type":"WebPage","@id":"https:\/\/camero.es\/en\/funeral-plans-in-malaga\/","url":"https:\/\/camero.es\/en\/funeral-plans-in-malaga\/","name":"Planes funerarios en M\u00e1laga | Funerarias Camero","isPartOf":{"@id":"https:\/\/camero.es\/en\/#website"},"datePublished":"2023-12-07T19:23:57+00:00","dateModified":"2024-03-04T10:28:52+00:00","description":"All types of funeral plans in Malaga. Funeral homes in M\u00e1laga, Benalm\u00e1dena, Fuengirola, Marbella, Mijas and Torremolinos.","breadcrumb":{"@id":"https:\/\/camero.es\/en\/funeral-plans-in-malaga\/#breadcrumb"},"inLanguage":"en-US","potentialAction":[{"@type":"ReadAction","target":["https:\/\/camero.es\/en\/funeral-plans-in-malaga\/"]}]},{"@type":"BreadcrumbList","@id":"https:\/\/camero.es\/en\/funeral-plans-in-malaga\/#breadcrumb","itemListElement":[{"@type":"ListItem","position":1,"name":"Portada","item":"https:\/\/camero.es\/en\/"},{"@type":"ListItem","position":2,"name":"Funeral Plans in Malaga"}]},{"@type":"WebSite","@id":"https:\/\/camero.es\/en\/#website","url":"https:\/\/camero.es\/en\/","name":"Funerarias en M\u00e1laga, Funeraria Camero","description":"Servicios funerarios en M\u00e1laga, Benalm\u00e1dena, Fuengirola, Mijas, Marbella y Torremolinos","publisher":{"@id":"https:\/\/camero.es\/en\/#organization"},"potentialAction":[{"@type":"SearchAction","target":{"@type":"EntryPoint","urlTemplate":"https:\/\/camero.es\/en\/?s={search_term_string}"},"query-input":{"@type":"PropertyValueSpecification","valueRequired":true,"valueName":"search_term_string"}}],"inLanguage":"en-US"},{"@type":"Organization","@id":"https:\/\/camero.es\/en\/#organization","name":"Funerarias en M\u00e1laga, Funeraria Camero","url":"https:\/\/camero.es\/en\/","logo":{"@type":"ImageObject","inLanguage":"en-US","@id":"https:\/\/camero.es\/en\/#\/schema\/logo\/image\/","url":"https:\/\/camero.es\/wp-content\/uploads\/2023\/12\/Camero1-2.png","contentUrl":"https:\/\/camero.es\/wp-content\/uploads\/2023\/12\/Camero1-2.png","width":3506,"height":1090,"caption":"Funerarias en M\u00e1laga, Funeraria Camero"},"image":{"@id":"https:\/\/camero.es\/en\/#\/schema\/logo\/image\/"}}]}},"_links":{"self":[{"href":"https:\/\/camero.es\/en\/wp-json\/wp\/v2\/pages\/990","targetHints":{"allow":["GET"]}}],"collection":[{"href":"https:\/\/camero.es\/en\/wp-json\/wp\/v2\/pages"}],"about":[{"href":"https:\/\/camero.es\/en\/wp-json\/wp\/v2\/types\/page"}],"author":[{"embeddable":true,"href":"https:\/\/camero.es\/en\/wp-json\/wp\/v2\/users\/1"}],"replies":[{"embeddable":true,"href":"https:\/\/camero.es\/en\/wp-json\/wp\/v2\/comments?post=990"}],"version-history":[{"count":24,"href":"https:\/\/camero.es\/en\/wp-json\/wp\/v2\/pages\/990\/revisions"}],"predecessor-version":[{"id":2816,"href":"https:\/\/camero.es\/en\/wp-json\/wp\/v2\/pages\/990\/revisions\/2816"}],"wp:attachment":[{"href":"https:\/\/camero.es\/en\/wp-json\/wp\/v2\/media?parent=990"}],"curies":[{"name":"wp","href":"https:\/\/api.w.org\/{rel}","templated":true}]}}